{"id":2854,"date":"2025-05-06T00:25:47","date_gmt":"2025-05-05T22:25:47","guid":{"rendered":"https:\/\/new.bodegalaus.es\/en\/?page_id=2854"},"modified":"2025-05-06T00:30:01","modified_gmt":"2025-05-05T22:30:01","slug":"cata-nuevo-laus-garnacha-barrica","status":"publish","type":"page","link":"https:\/\/www.bodegalaus.es\/en\/cata-nuevo-laus-garnacha-barrica\/","title":{"rendered":"Cata nuevo laus garnacha barrica"},"content":{"rendered":"\t\t<div data-elementor-type=\"wp-post\" data-elementor-id=\"2854\" class=\"elementor elementor-2854\" data-elementor-post-type=\"page\">\n\t\t\t\t<div class=\"elementor-element elementor-element-baa7102 e-con-full section-presentacion e-flex e-con e-parent\" data-id=\"baa7102\" data-element_type=\"container\" data-e-type=\"container\">\n\t\t\t\t<div class=\"elementor-element elementor-element-4011f99 elementor-cta--skin-cover elementor-widget elementor-widget-call-to-action\" data-id=\"4011f99\" data-element_type=\"widget\" data-e-type=\"widget\" data-widget_type=\"call-to-action.default\">\n\t\t\t\t\t\t\t<div class=\"elementor-cta\">\n\t\t\t\t\t<div class=\"elementor-cta__bg-wrapper\">\n\t\t\t\t<div class=\"elementor-cta__bg elementor-bg\" style=\"background-image: url(https:\/\/www.bodegalaus.es\/en\/wp-content\/uploads\/sites\/2\/2025\/05\/DSC0875-scaled-1.jpg);\" role=\"img\" aria-label=\"DSC0875-scaled\"><\/div>\n\t\t\t\t<div class=\"elementor-cta__bg-overlay\"><\/div>\n\t\t\t<\/div>\n\t\t\t\t\t\t\t<div class=\"elementor-cta__content\">\n\t\t\t\t\n\t\t\t\t\t\t\t\t\t<h1 class=\"elementor-cta__title elementor-cta__content-item elementor-content-item\">\n\t\t\t\t\t\tNUEVO LAUS <br>GARNACHA <br>BARRICA\t\t\t\t\t<\/h1>\n\t\t\t\t\n\t\t\t\t\n\t\t\t\t\t\t\t<\/div>\n\t\t\t\t\t\t<\/div>\n\t\t\t\t\t\t<\/div>\n\t\t\t\t<div class=\"elementor-element elementor-element-97c907f elementor-widget elementor-widget-html\" data-id=\"97c907f\" data-element_type=\"widget\" data-e-type=\"widget\" data-widget_type=\"html.default\">\n\t\t\t\t\t<div class=\"show-more\">\n            <a id=\"godown\" class=\"sinlinea hacialoslados\">\n                <i class=\"icon-arrow-down\"><\/i>\n            <\/a>\n        <\/div>\t\t\t\t<\/div>\n\t\t\t\t<div class=\"elementor-element elementor-element-5870fae elementor-widget elementor-widget-heading\" data-id=\"5870fae\" data-element_type=\"widget\" data-e-type=\"widget\" data-widget_type=\"heading.default\">\n\t\t\t\t\t<h2 class=\"elementor-heading-title elementor-size-default\">\u00a1Esperamos que disfrutes de nuestro nuevo LAUS Garnacha Barrica!<\/h2>\t\t\t\t<\/div>\n\t\t\t\t<div class=\"elementor-element elementor-element-31d6ffc elementor-widget elementor-widget-text-editor\" data-id=\"31d6ffc\" data-element_type=\"widget\" data-e-type=\"widget\" data-widget_type=\"text-editor.default\">\n\t\t\t\t\t\t\t\t\t<p>Nuestro en\u00f3logo y director t\u00e9cnico, Jes\u00fas Mur, te acompa\u00f1a a descubrir este tinto tan especial para nuestra bodega.<\/p>\t\t\t\t\t\t\t\t<\/div>\n\t\t\t\t<div class=\"elementor-element elementor-element-7e6a02e elementor-widget elementor-widget-video\" data-id=\"7e6a02e\" data-element_type=\"widget\" data-e-type=\"widget\" data-settings=\"{&quot;youtube_url&quot;:&quot;https:\\\/\\\/www.youtube.com\\\/watch?v=Ubj0b0Oh5FU&quot;,&quot;video_type&quot;:&quot;youtube&quot;,&quot;controls&quot;:&quot;yes&quot;}\" data-widget_type=\"video.default\">\n\t\t\t\t\t\t\t<div class=\"elementor-wrapper elementor-open-inline\">\n\t\t\t<div class=\"elementor-video\"><\/div>\t\t<\/div>\n\t\t\t\t\t\t<\/div>\n\t\t\t\t<\/div>\n\t\t\t\t<\/div>\n\t\t","protected":false},"excerpt":{"rendered":"<p>NUEVO LAUS GARNACHA BARRICA \u00a1Esperamos que disfrutes de nuestro nuevo LAUS Garnacha Barrica! Nuestro en\u00f3logo y director t\u00e9cnico, Jes\u00fas Mur, te acompa\u00f1a a descubrir este tinto tan especial para nuestra bodega. https:\/\/www.youtube.com\/watch?v=Ubj0b0Oh5FU<\/p>\n","protected":false},"author":1,"featured_media":0,"parent":0,"menu_order":0,"comment_status":"closed","ping_status":"closed","template":"elementor_header_footer","meta":{"footnotes":""},"tags":[],"class_list":["post-2854","page","type-page","status-publish","hentry"],"yoast_head":"<!-- This site is optimized with the Yoast SEO plugin v27.4 - https:\/\/yoast.com\/product\/yoast-seo-wordpress\/ -->\n<title>Cata nuevo laus garnacha barrica - en<\/title>\n<meta name=\"robots\" content=\"index, follow, max-snippet:-1, max-image-preview:large, max-video-preview:-1\" \/>\n<link rel=\"canonical\" href=\"https:\/\/www.bodegalaus.es\/en\/cata-nuevo-laus-garnacha-barrica\/\" \/>\n<meta property=\"og:locale\" content=\"es_ES\" \/>\n<meta property=\"og:type\" content=\"article\" \/>\n<meta property=\"og:title\" content=\"Cata nuevo laus garnacha barrica - en\" \/>\n<meta property=\"og:description\" content=\"NUEVO LAUS GARNACHA BARRICA \u00a1Esperamos que disfrutes de nuestro nuevo LAUS Garnacha Barrica! Nuestro en\u00f3logo y director t\u00e9cnico, Jes\u00fas Mur, te acompa\u00f1a a descubrir este tinto tan especial para nuestra bodega. https:\/\/www.youtube.com\/watch?v=Ubj0b0Oh5FU\" \/>\n<meta property=\"og:url\" content=\"https:\/\/www.bodegalaus.es\/en\/cata-nuevo-laus-garnacha-barrica\/\" \/>\n<meta property=\"og:site_name\" content=\"en\" \/>\n<meta property=\"article:modified_time\" content=\"2025-05-05T22:30:01+00:00\" \/>\n<meta name=\"twitter:card\" content=\"summary_large_image\" \/>\n<script type=\"application\/ld+json\" class=\"yoast-schema-graph\">{\"@context\":\"https:\\\/\\\/schema.org\",\"@graph\":[{\"@type\":\"WebPage\",\"@id\":\"https:\\\/\\\/www.bodegalaus.es\\\/en\\\/cata-nuevo-laus-garnacha-barrica\\\/\",\"url\":\"https:\\\/\\\/www.bodegalaus.es\\\/en\\\/cata-nuevo-laus-garnacha-barrica\\\/\",\"name\":\"Cata nuevo laus garnacha barrica - en\",\"isPartOf\":{\"@id\":\"https:\\\/\\\/www.bodegalaus.es\\\/en\\\/#website\"},\"datePublished\":\"2025-05-05T22:25:47+00:00\",\"dateModified\":\"2025-05-05T22:30:01+00:00\",\"breadcrumb\":{\"@id\":\"https:\\\/\\\/www.bodegalaus.es\\\/en\\\/cata-nuevo-laus-garnacha-barrica\\\/#breadcrumb\"},\"inLanguage\":\"es\",\"potentialAction\":[{\"@type\":\"ReadAction\",\"target\":[\"https:\\\/\\\/www.bodegalaus.es\\\/en\\\/cata-nuevo-laus-garnacha-barrica\\\/\"]}]},{\"@type\":\"BreadcrumbList\",\"@id\":\"https:\\\/\\\/www.bodegalaus.es\\\/en\\\/cata-nuevo-laus-garnacha-barrica\\\/#breadcrumb\",\"itemListElement\":[{\"@type\":\"ListItem\",\"position\":1,\"name\":\"Portada\",\"item\":\"https:\\\/\\\/www.bodegalaus.es\\\/en\\\/\"},{\"@type\":\"ListItem\",\"position\":2,\"name\":\"Cata nuevo laus garnacha barrica\"}]},{\"@type\":\"WebSite\",\"@id\":\"https:\\\/\\\/www.bodegalaus.es\\\/en\\\/#website\",\"url\":\"https:\\\/\\\/www.bodegalaus.es\\\/en\\\/\",\"name\":\"en\",\"description\":\"\",\"potentialAction\":[{\"@type\":\"SearchAction\",\"target\":{\"@type\":\"EntryPoint\",\"urlTemplate\":\"https:\\\/\\\/www.bodegalaus.es\\\/en\\\/?s={search_term_string}\"},\"query-input\":{\"@type\":\"PropertyValueSpecification\",\"valueRequired\":true,\"valueName\":\"search_term_string\"}}],\"inLanguage\":\"es\"}]}<\/script>\n<!-- \/ Yoast SEO plugin. -->","yoast_head_json":{"title":"Cata nuevo laus garnacha barrica - en","robots":{"index":"index","follow":"follow","max-snippet":"max-snippet:-1","max-image-preview":"max-image-preview:large","max-video-preview":"max-video-preview:-1"},"canonical":"https:\/\/www.bodegalaus.es\/en\/cata-nuevo-laus-garnacha-barrica\/","og_locale":"es_ES","og_type":"article","og_title":"Cata nuevo laus garnacha barrica - en","og_description":"NUEVO LAUS GARNACHA BARRICA \u00a1Esperamos que disfrutes de nuestro nuevo LAUS Garnacha Barrica! Nuestro en\u00f3logo y director t\u00e9cnico, Jes\u00fas Mur, te acompa\u00f1a a descubrir este tinto tan especial para nuestra bodega. https:\/\/www.youtube.com\/watch?v=Ubj0b0Oh5FU","og_url":"https:\/\/www.bodegalaus.es\/en\/cata-nuevo-laus-garnacha-barrica\/","og_site_name":"en","article_modified_time":"2025-05-05T22:30:01+00:00","twitter_card":"summary_large_image","schema":{"@context":"https:\/\/schema.org","@graph":[{"@type":"WebPage","@id":"https:\/\/www.bodegalaus.es\/en\/cata-nuevo-laus-garnacha-barrica\/","url":"https:\/\/www.bodegalaus.es\/en\/cata-nuevo-laus-garnacha-barrica\/","name":"Cata nuevo laus garnacha barrica - en","isPartOf":{"@id":"https:\/\/www.bodegalaus.es\/en\/#website"},"datePublished":"2025-05-05T22:25:47+00:00","dateModified":"2025-05-05T22:30:01+00:00","breadcrumb":{"@id":"https:\/\/www.bodegalaus.es\/en\/cata-nuevo-laus-garnacha-barrica\/#breadcrumb"},"inLanguage":"es","potentialAction":[{"@type":"ReadAction","target":["https:\/\/www.bodegalaus.es\/en\/cata-nuevo-laus-garnacha-barrica\/"]}]},{"@type":"BreadcrumbList","@id":"https:\/\/www.bodegalaus.es\/en\/cata-nuevo-laus-garnacha-barrica\/#breadcrumb","itemListElement":[{"@type":"ListItem","position":1,"name":"Portada","item":"https:\/\/www.bodegalaus.es\/en\/"},{"@type":"ListItem","position":2,"name":"Cata nuevo laus garnacha barrica"}]},{"@type":"WebSite","@id":"https:\/\/www.bodegalaus.es\/en\/#website","url":"https:\/\/www.bodegalaus.es\/en\/","name":"en","description":"","potentialAction":[{"@type":"SearchAction","target":{"@type":"EntryPoint","urlTemplate":"https:\/\/www.bodegalaus.es\/en\/?s={search_term_string}"},"query-input":{"@type":"PropertyValueSpecification","valueRequired":true,"valueName":"search_term_string"}}],"inLanguage":"es"}]}},"_links":{"self":[{"href":"https:\/\/www.bodegalaus.es\/en\/wp-json\/wp\/v2\/pages\/2854","targetHints":{"allow":["GET"]}}],"collection":[{"href":"https:\/\/www.bodegalaus.es\/en\/wp-json\/wp\/v2\/pages"}],"about":[{"href":"https:\/\/www.bodegalaus.es\/en\/wp-json\/wp\/v2\/types\/page"}],"author":[{"embeddable":true,"href":"https:\/\/www.bodegalaus.es\/en\/wp-json\/wp\/v2\/users\/1"}],"replies":[{"embeddable":true,"href":"https:\/\/www.bodegalaus.es\/en\/wp-json\/wp\/v2\/comments?post=2854"}],"version-history":[{"count":10,"href":"https:\/\/www.bodegalaus.es\/en\/wp-json\/wp\/v2\/pages\/2854\/revisions"}],"predecessor-version":[{"id":2865,"href":"https:\/\/www.bodegalaus.es\/en\/wp-json\/wp\/v2\/pages\/2854\/revisions\/2865"}],"wp:attachment":[{"href":"https:\/\/www.bodegalaus.es\/en\/wp-json\/wp\/v2\/media?parent=2854"}],"wp:term":[{"taxonomy":"post_tag","embeddable":true,"href":"https:\/\/www.bodegalaus.es\/en\/wp-json\/wp\/v2\/tags?post=2854"}],"curies":[{"name":"wp","href":"https:\/\/api.w.org\/{rel}","templated":true}]}}